{"id":5840,"date":"2026-04-14T20:26:07","date_gmt":"2026-04-14T20:26:07","guid":{"rendered":"https:\/\/www.saveursdupays.com\/vender-en-saveurs-du-pays\/"},"modified":"2026-04-16T01:07:44","modified_gmt":"2026-04-16T01:07:44","slug":"vender-en-saveurs-du-pays","status":"publish","type":"page","link":"https:\/\/www.saveursdupays.com\/es\/vender-en-saveurs-du-pays\/","title":{"rendered":"Vender en Saveurs du Pays"},"content":{"rendered":"\n<div class=\"wp-block-group alignfull has-ast-global-color-4-background-color has-background is-layout-constrained wp-container-core-group-is-layout-e1a9e588 wp-block-group-is-layout-constrained\" style=\"border-bottom-color:#e7ddd7;border-bottom-width:1px;padding-top:130px;padding-right:20px;padding-bottom:110px;padding-left:20px\">\n<p class=\"has-text-align-center has-contrast-color has-text-color has-link-color wp-elements-880d5db12b6c291ce4c282acfaba2605\" style=\"font-size:13px;font-style:normal;font-weight:600;letter-spacing:1.5px;text-transform:uppercase\">Mercado local \u2022 productores \u2022 artesanos \u2022 productos locales<\/p>\n\n\n\n<h1 class=\"wp-block-heading has-text-align-center\" style=\"font-size:54px;line-height:1.1\">Vender en Saveurs du Pays<\/h1>\n\n\n\n<p class=\"has-text-align-center\" style=\"font-size:19px;line-height:1.8\">\u00danase a un escaparate local dise\u00f1ado para destacar las empresas de aqu\u00ed. Presente sus productos en un entorno m\u00e1s s\u00f3lido, m\u00e1s cre\u00edble y mejor posicionado para atraer a una clientela que busca lo local. <\/p>\n\n\n\n<div class=\"wp-block-columns are-vertically-aligned-center is-layout-flex wp-container-core-columns-is-layout-9ce7ff4c wp-block-columns-is-layout-flex\" style=\"margin-top:34px\">\n<div class=\"wp-block-column is-vertically-aligned-center is-layout-flow wp-block-column-is-layout-flow\">\n<div class=\"wp-block-buttons is-content-justification-center is-layout-flex wp-container-core-buttons-is-layout-c124d1c4 wp-block-buttons-is-layout-flex\">\n<div class=\"wp-block-button\"><a class=\"wp-block-button__link has-base-color has-contrast-background-color has-text-color has-background wp-element-button\" style=\"border-radius:999px;padding-top:15px;padding-right:30px;padding-bottom:15px;padding-left:30px\">Enviar su empresa<\/a><\/div>\n\n\n\n<div class=\"wp-block-button is-style-outline is-style-outline--1\"><a class=\"wp-block-button__link wp-element-button\" style=\"border-radius:999px;padding-top:15px;padding-right:30px;padding-bottom:15px;padding-left:30px\">Ver el funcionamiento<\/a><\/div>\n<\/div>\n<\/div>\n<\/div>\n\n\n\n<div class=\"wp-block-columns is-layout-flex wp-container-core-columns-is-layout-b8e4db25 wp-block-columns-is-layout-flex\" style=\"margin-top:48px\">\n<div class=\"wp-block-column is-layout-flow wp-block-column-is-layout-flow\">\n<div class=\"wp-block-group has-base-background-color has-background is-layout-constrained wp-container-core-group-is-layout-a546ed5b wp-block-group-is-layout-constrained\" style=\"border-radius:18px;padding-top:18px;padding-right:22px;padding-bottom:18px;padding-left:22px\">\n<p class=\"has-text-align-center\" style=\"font-size:15px;font-style:normal;font-weight:600\">Visibilidad aumentada<\/p>\n<\/div>\n<\/div>\n\n\n\n<div class=\"wp-block-column is-layout-flow wp-block-column-is-layout-flow\">\n<div class=\"wp-block-group has-base-background-color has-background is-layout-constrained wp-container-core-group-is-layout-a546ed5b wp-block-group-is-layout-constrained\" style=\"border-radius:18px;padding-top:18px;padding-right:22px;padding-bottom:18px;padding-left:22px\">\n<p class=\"has-text-align-center\" style=\"font-size:15px;font-style:normal;font-weight:600\">Efecto marketplace<\/p>\n<\/div>\n<\/div>\n\n\n\n<div class=\"wp-block-column is-layout-flow wp-block-column-is-layout-flow\">\n<div class=\"wp-block-group has-base-background-color has-background is-layout-constrained wp-container-core-group-is-layout-a546ed5b wp-block-group-is-layout-constrained\" style=\"border-radius:18px;padding-top:18px;padding-right:22px;padding-bottom:18px;padding-left:22px\">\n<p class=\"has-text-align-center\" style=\"font-size:15px;font-style:normal;font-weight:600\">Crecimiento local<\/p>\n<\/div>\n<\/div>\n<\/div>\n<\/div>\n\n<div class=\"wp-block-group alignfull has-base-background-color has-background is-layout-constrained wp-container-core-group-is-layout-9819665a wp-block-group-is-layout-constrained\" style=\"padding-top:90px;padding-right:20px;padding-bottom:90px;padding-left:20px\">\n<div class=\"wp-block-columns are-vertically-aligned-center is-layout-flex wp-container-core-columns-is-layout-9b24e0e0 wp-block-columns-is-layout-flex\">\n<div class=\"wp-block-column is-vertically-aligned-center is-layout-flow wp-block-column-is-layout-flow\" style=\"flex-basis:56%\">\n<p class=\"has-contrast-color has-text-color\" style=\"font-size:13px;font-style:normal;font-weight:600;letter-spacing:1.2px;text-transform:uppercase\">Un verdadero modelo de marketplace<\/p>\n\n\n\n<h2 class=\"wp-block-heading\" style=\"font-size:38px;line-height:1.2\">Una presencia m\u00e1s fuerte que una tienda aislada<\/h2>\n\n\n\n<p style=\"font-size:18px;line-height:1.8\">Saveurs du Pays funciona como un escaparate mult\u00edvendedor inspirado en los mercados locales en l\u00ednea. El objetivo es reunir a varias empresas de aqu\u00ed en un entorno coherente, seguro y orientado al descubrimiento. <\/p>\n\n\n\n<p style=\"font-size:18px;line-height:1.8\">En lugar de vender solo, usted se beneficia de un ecosistema colectivo. Cuantos m\u00e1s buenos vendedores y productos atractivos atraiga la plataforma, m\u00e1s interesante se volver\u00e1 para el comprador, y m\u00e1s valor podr\u00e1 ganar su presencia. <\/p>\n\n\n\n<ul style=\"font-size:17px;line-height:1.9\" class=\"wp-block-list\">\n<li>Visibilidad adicional para sus productos<\/li>\n\n\n\n<li>Imagen de marca reforzada<\/li>\n\n\n\n<li>Canal de venta complementario<\/li>\n\n\n\n<li>Posicionamiento local premium<\/li>\n<\/ul>\n<\/div>\n\n\n\n<div class=\"wp-block-column is-layout-flow wp-block-column-is-layout-flow\" style=\"flex-basis:44%\">\n<figure class=\"wp-block-image size-full has-custom-border\"><img loading=\"lazy\" decoding=\"async\" width=\"800\" height=\"550\" src=\"https:\/\/www.saveursdupays.com\/wp-content\/uploads\/2020\/01\/banner-01.jpg\" alt=\"Marketplace local Saveurs du Pays\" class=\"wp-image-3007\" style=\"border-radius:26px\" srcset=\"https:\/\/www.saveursdupays.com\/wp-content\/uploads\/2020\/01\/banner-01.jpg 800w, https:\/\/www.saveursdupays.com\/wp-content\/uploads\/2020\/01\/banner-01-600x413.jpg 600w, https:\/\/www.saveursdupays.com\/wp-content\/uploads\/2020\/01\/banner-01-300x206.jpg 300w, https:\/\/www.saveursdupays.com\/wp-content\/uploads\/2020\/01\/banner-01-768x528.jpg 768w\" sizes=\"auto, (max-width: 800px) 100vw, 800px\" \/><\/figure>\n\n\n\n<div class=\"wp-block-group has-base-2-background-color has-background is-layout-constrained wp-container-core-group-is-layout-09e42913 wp-block-group-is-layout-constrained\" style=\"border-radius:20px;margin-top:20px;padding-top:20px;padding-right:22px;padding-bottom:20px;padding-left:22px\">\n<p style=\"font-size:15px;font-style:normal;font-weight:700\">\u00bfPor qu\u00e9 es m\u00e1s fuerte?<\/p>\n\n\n\n<p style=\"font-size:15px;line-height:1.7\">Porque un marketplace bien estructurado otorga a cada vendedor la fuerza de un entorno colectivo, en lugar de una presencia \u00fanica y dispersa.<\/p>\n<\/div>\n<\/div>\n<\/div>\n<\/div>\n\n<div class=\"wp-block-group alignfull has-base-color has-ast-global-color-4-background-color has-text-color has-background is-layout-constrained wp-container-core-group-is-layout-9819665a wp-block-group-is-layout-constrained\" style=\"padding-top:90px;padding-right:20px;padding-bottom:90px;padding-left:20px\">\n<p class=\"has-text-align-center\" style=\"font-size:13px;font-style:normal;font-weight:600;letter-spacing:1.2px;text-transform:uppercase\">Pasos<\/p>\n\n\n\n<h2 class=\"wp-block-heading has-text-align-center\" style=\"font-size:38px\">C\u00f3mo funciona<\/h2>\n\n\n\n<div class=\"wp-block-columns is-layout-flex wp-container-core-columns-is-layout-455fb233 wp-block-columns-is-layout-flex\" style=\"margin-top:34px\">\n<div class=\"wp-block-column is-layout-flow wp-block-column-is-layout-flow\">\n<div class=\"wp-block-group has-contrast-color has-base-background-color has-text-color has-background is-layout-constrained wp-container-core-group-is-layout-14d8a1aa wp-block-group-is-layout-constrained\" style=\"border-radius:22px;padding-top:32px;padding-right:24px;padding-bottom:32px;padding-left:24px\">\n<p style=\"font-size:32px;font-style:normal;font-weight:700\">01<\/p>\n\n\n\n<h3 class=\"wp-block-heading\" style=\"font-size:24px\">Env\u00ede su empresa<\/h3>\n\n\n\n<p>Usted rellena una solicitud con la informaci\u00f3n b\u00e1sica sobre su empresa, sus productos y su oferta.<\/p>\n<\/div>\n<\/div>\n\n\n\n<div class=\"wp-block-column is-layout-flow wp-block-column-is-layout-flow\">\n<div class=\"wp-block-group has-contrast-color has-base-background-color has-text-color has-background is-layout-constrained wp-container-core-group-is-layout-14d8a1aa wp-block-group-is-layout-constrained\" style=\"border-radius:22px;padding-top:32px;padding-right:24px;padding-bottom:32px;padding-left:24px\">\n<p style=\"font-size:32px;font-style:normal;font-weight:700\">02<\/p>\n\n\n\n<h3 class=\"wp-block-heading\" style=\"font-size:24px\">Validaci\u00f3n<\/h3>\n\n\n\n<p>Analizamos la compatibilidad de su empresa con la visi\u00f3n de Saveurs du Pays para mantener una oferta coherente y de calidad.<\/p>\n<\/div>\n<\/div>\n\n\n\n<div class=\"wp-block-column is-layout-flow wp-block-column-is-layout-flow\">\n<div class=\"wp-block-group has-contrast-color has-base-background-color has-text-color has-background is-layout-constrained wp-container-core-group-is-layout-14d8a1aa wp-block-group-is-layout-constrained\" style=\"border-radius:22px;padding-top:32px;padding-right:24px;padding-bottom:32px;padding-left:24px\">\n<p style=\"font-size:32px;font-style:normal;font-weight:700\">03<\/p>\n\n\n\n<h3 class=\"wp-block-heading\" style=\"font-size:24px\">Publicaci\u00f3n<\/h3>\n\n\n\n<p>Sus productos se integran con sus im\u00e1genes, descripciones, precios e informaci\u00f3n \u00fatil para maximizar su presentaci\u00f3n.<\/p>\n<\/div>\n<\/div>\n\n\n\n<div class=\"wp-block-column is-layout-flow wp-block-column-is-layout-flow\">\n<div class=\"wp-block-group has-contrast-color has-base-background-color has-text-color has-background is-layout-constrained wp-container-core-group-is-layout-14d8a1aa wp-block-group-is-layout-constrained\" style=\"border-radius:22px;padding-top:32px;padding-right:24px;padding-bottom:32px;padding-left:24px\">\n<p style=\"font-size:32px;font-style:normal;font-weight:700\">04<\/p>\n\n\n\n<h3 class=\"wp-block-heading\" style=\"font-size:24px\">Ventas y crecimiento<\/h3>\n\n\n\n<p>Usted se beneficia de la visibilidad de la plataforma y de un canal de venta adicional para hacer crecer su empresa.<\/p>\n<\/div>\n<\/div>\n<\/div>\n<\/div>\n\n<div class=\"wp-block-group alignfull has-base-background-color has-background is-layout-constrained wp-container-core-group-is-layout-9819665a wp-block-group-is-layout-constrained\" style=\"padding-top:90px;padding-right:20px;padding-bottom:90px;padding-left:20px\">\n<div class=\"wp-block-columns are-vertically-aligned-top is-layout-flex wp-container-core-columns-is-layout-e71311ff wp-block-columns-is-layout-flex\">\n<div class=\"wp-block-column is-vertically-aligned-top is-layout-flow wp-block-column-is-layout-flow\" style=\"flex-basis:54%\">\n<p class=\"has-contrast-color has-text-color\" style=\"font-size:13px;font-style:normal;font-weight:600;letter-spacing:1.2px;text-transform:uppercase\">Estructura del vendedor<\/p>\n\n\n\n<h2 class=\"wp-block-heading\" style=\"font-size:38px;line-height:1.2\">Comisi\u00f3n y modelo de funcionamiento<\/h2>\n\n\n\n<p style=\"font-size:18px;line-height:1.8\">Saveurs du Pays funciona con un modelo de marketplace. Se puede aplicar una comisi\u00f3n sobre las ventas realizadas a trav\u00e9s de la plataforma. Esta estructura permite apoyar la gesti\u00f3n, la comercializaci\u00f3n, la visibilidad, la evoluci\u00f3n del sitio y el desarrollo continuo del proyecto.  <\/p>\n\n\n\n<ul style=\"font-size:17px;line-height:1.9\" class=\"wp-block-list\">\n<li><strong>Opci\u00f3n 1:<\/strong> comisi\u00f3n fija por cada venta<\/li>\n\n\n\n<li><strong>Opci\u00f3n 2:<\/strong> comisi\u00f3n variable seg\u00fan la categor\u00eda<\/li>\n\n\n\n<li><strong>Opci\u00f3n 3:<\/strong> cuota de membres\u00eda m\u00e1s comisi\u00f3n reducida<\/li>\n<\/ul>\n\n\n\n<p style=\"font-size:17px;line-height:1.8\">Lo importante es explicar claramente que la plataforma constituye una verdadera palanca comercial y no solo una simple exhibici\u00f3n de productos.<\/p>\n<\/div>\n\n\n\n<div class=\"wp-block-column is-layout-flow wp-block-column-is-layout-flow\" style=\"flex-basis:46%\">\n<div class=\"wp-block-group has-base-2-background-color has-background is-layout-constrained wp-container-core-group-is-layout-08726579 wp-block-group-is-layout-constrained\" style=\"border-radius:24px;padding-top:34px;padding-right:30px;padding-bottom:34px;padding-left:30px\">\n<p class=\"has-contrast-color has-text-color\" style=\"font-size:12px;font-style:normal;font-weight:700;letter-spacing:1px;text-transform:uppercase\">Ejemplo de presentaci\u00f3n<\/p>\n\n\n\n<h3 class=\"wp-block-heading\" style=\"font-size:28px\">Nuestro modelo de remuneraci\u00f3n<\/h3>\n\n\n\n<p>Saveurs du Pays aplica una comisi\u00f3n sobre las ventas realizadas a trav\u00e9s de la plataforma.<\/p>\n\n\n\n<p>Esta estructura permite apoyar el crecimiento del mercado, la mejora continua del sitio, la visibilidad de los vendedores y el desarrollo de herramientas de comercializaci\u00f3n.<\/p>\n\n\n\n<hr class=\"wp-block-separator has-text-color has-contrast-color has-alpha-channel-opacity has-contrast-background-color has-background is-style-wide\"\/>\n\n\n\n<p><strong>Comisi\u00f3n:<\/strong> a determinar seg\u00fan su estrategia comercial.<\/p>\n\n\n\n<p><strong>Importante:<\/strong> la estructura exacta puede variar seg\u00fan la categor\u00eda, el volumen o el acuerdo con el vendedor.<\/p>\n<\/div>\n<\/div>\n<\/div>\n<\/div>\n\n<div class=\"wp-block-group alignfull has-ast-global-color-4-background-color has-background is-layout-constrained wp-container-core-group-is-layout-9819665a wp-block-group-is-layout-constrained\" style=\"padding-top:90px;padding-right:20px;padding-bottom:90px;padding-left:20px\">\n<p class=\"has-text-align-center has-contrast-color has-text-color\" style=\"font-size:13px;font-style:normal;font-weight:600;letter-spacing:1.2px;text-transform:uppercase\">Valor a\u00f1adido<\/p>\n\n\n\n<h2 class=\"wp-block-heading has-text-align-center\" style=\"font-size:38px\">Lo que Saveurs du Pays puede aportar a su empresa<\/h2>\n\n\n\n<div class=\"wp-block-columns is-layout-flex wp-container-core-columns-is-layout-455fb233 wp-block-columns-is-layout-flex\" style=\"margin-top:34px\">\n<div class=\"wp-block-column is-layout-flow wp-block-column-is-layout-flow\">\n<div class=\"wp-block-group has-base-background-color has-background is-layout-constrained wp-container-core-group-is-layout-56829a5a wp-block-group-is-layout-constrained\" style=\"border-radius:20px;padding-top:26px;padding-right:24px;padding-bottom:26px;padding-left:24px\">\n<h3 class=\"wp-block-heading\" style=\"font-size:24px\">M\u00e1s visibilidad<\/h3>\n\n\n\n<p>Sus productos se benefician de un escaparate adicional en un entorno ya orientado a lo local.<\/p>\n<\/div>\n\n\n\n<div style=\"height:24px\" aria-hidden=\"true\" class=\"wp-block-spacer\"><\/div>\n\n\n\n<div class=\"wp-block-group has-base-background-color has-background is-layout-constrained wp-container-core-group-is-layout-56829a5a wp-block-group-is-layout-constrained\" style=\"border-radius:20px;padding-top:26px;padding-right:24px;padding-bottom:26px;padding-left:24px\">\n<h3 class=\"wp-block-heading\" style=\"font-size:24px\">Refuerzo de marca<\/h3>\n\n\n\n<p>Su empresa se beneficia de un contexto coherente que valora la calidad, la autenticidad y la proximidad.<\/p>\n<\/div>\n<\/div>\n\n\n\n<div class=\"wp-block-column is-layout-flow wp-block-column-is-layout-flow\">\n<div class=\"wp-block-group has-base-background-color has-background is-layout-constrained wp-container-core-group-is-layout-56829a5a wp-block-group-is-layout-constrained\" style=\"border-radius:20px;padding-top:26px;padding-right:24px;padding-bottom:26px;padding-left:24px\">\n<h3 class=\"wp-block-heading\" style=\"font-size:24px\">Canal de venta adicional<\/h3>\n\n\n\n<p>La plataforma se convierte en una palanca complementaria a sus ventas actuales y puede ayudarle a llegar a nuevos compradores.<\/p>\n<\/div>\n\n\n\n<div style=\"height:24px\" aria-hidden=\"true\" class=\"wp-block-spacer\"><\/div>\n\n\n\n<div class=\"wp-block-group has-base-background-color has-background is-layout-constrained wp-container-core-group-is-layout-56829a5a wp-block-group-is-layout-constrained\" style=\"border-radius:20px;padding-top:26px;padding-right:24px;padding-bottom:26px;padding-left:24px\">\n<h3 class=\"wp-block-heading\" style=\"font-size:24px\">Efecto marketplace<\/h3>\n\n\n\n<p>Ser presentado junto a otros vendedores locales aumenta los descubrimientos, las compras cruzadas y el inter\u00e9s general por la plataforma.<\/p>\n<\/div>\n<\/div>\n\n\n\n<div class=\"wp-block-column is-layout-flow wp-block-column-is-layout-flow\">\n<div class=\"wp-block-group has-base-background-color has-background is-layout-constrained wp-container-core-group-is-layout-56829a5a wp-block-group-is-layout-constrained\" style=\"border-radius:20px;padding-top:26px;padding-right:24px;padding-bottom:26px;padding-left:24px\">\n<h3 class=\"wp-block-heading\" style=\"font-size:24px\">Oportunidad de crecimiento<\/h3>\n\n\n\n<p>Cuanto m\u00e1s se desarrolle la plataforma, m\u00e1s podr\u00e1 beneficiarse su presencia de un tr\u00e1fico colectivo y de una audiencia mejor cualificada.<\/p>\n<\/div>\n\n\n\n<div style=\"height:24px\" aria-hidden=\"true\" class=\"wp-block-spacer\"><\/div>\n\n\n\n<div class=\"wp-block-group has-base-background-color has-background is-layout-constrained wp-container-core-group-is-layout-56829a5a wp-block-group-is-layout-constrained\" style=\"border-radius:20px;padding-top:26px;padding-right:24px;padding-bottom:26px;padding-left:24px\">\n<h3 class=\"wp-block-heading\" style=\"font-size:24px\">Posicionamiento local fuerte<\/h3>\n\n\n\n<p>Usted se integra en un proyecto que habla directamente a los consumidores que buscan productos de aqu\u00ed.<\/p>\n<\/div>\n<\/div>\n<\/div>\n<\/div>\n\n<div class=\"wp-block-group alignfull has-base-background-color has-background is-layout-constrained wp-container-core-group-is-layout-60cdac5d wp-block-group-is-layout-constrained\" style=\"padding-top:90px;padding-right:20px;padding-bottom:90px;padding-left:20px\">\n<p class=\"has-contrast-color has-text-color\" style=\"font-size:13px;font-style:normal;font-weight:600;letter-spacing:1.2px;text-transform:uppercase\">Posicionamiento estrat\u00e9gico<\/p>\n\n\n\n<h2 class=\"wp-block-heading\" style=\"font-size:38px;line-height:1.2\">Por qu\u00e9 embarcarse ahora<\/h2>\n\n\n\n<p style=\"font-size:18px;line-height:1.85\">Unirse a una plataforma en su desarrollo a menudo permite beneficiarse de un mejor posicionamiento inicial, de un mayor espacio en el ecosistema y de una relaci\u00f3n m\u00e1s directa con el proyecto. Los primeros vendedores pueden beneficiarse de una visibilidad estrat\u00e9gica, de una presencia m\u00e1s marcada y de la oportunidad de construir una posici\u00f3n s\u00f3lida a largo plazo. <\/p>\n\n\n\n<p style=\"font-size:18px;line-height:1.85\">Saveurs du Pays aspira a convertirse en un destino cre\u00edble para los consumidores que desean comprar productos locales. Al participar pronto, usted se une a una din\u00e1mica de crecimiento que puede convertirse en una verdadera palanca comercial para su empresa. <\/p>\n<\/div>\n\n<div class=\"wp-block-group alignfull has-base-color has-ast-global-color-4-background-color has-text-color has-background is-layout-constrained wp-container-core-group-is-layout-60cdac5d wp-block-group-is-layout-constrained\" style=\"padding-top:90px;padding-right:20px;padding-bottom:90px;padding-left:20px\">\n<p class=\"has-text-align-center\" style=\"font-size:13px;font-style:normal;font-weight:600;letter-spacing:1.2px;text-transform:uppercase\">Preguntas frecuentes<\/p>\n\n\n\n<h2 class=\"wp-block-heading has-text-align-center\" style=\"font-size:38px\">Preguntas frecuentes \u2013 Convertirse en vendedor en Saveurs du Pays<\/h2>\n\n\n\n<details class=\"wp-block-details has-contrast-color has-base-background-color has-text-color has-background is-layout-flow wp-block-details-is-layout-flow\" style=\"border-radius:16px;margin-top:28px;padding-top:18px;padding-right:22px;padding-bottom:18px;padding-left:22px\"><summary>\u00bfQui\u00e9n puede vender en Saveurs du Pays?<\/summary>\n<p>Productores, artesanos, transformadores y empresas que ofrecen productos compatibles con el universo local, de proximidad y del marketplace.<\/p>\n<\/details>\n\n\n\n<div style=\"height:14px\" aria-hidden=\"true\" class=\"wp-block-spacer\"><\/div>\n\n\n\n<details class=\"wp-block-details has-contrast-color has-base-background-color has-text-color has-background is-layout-flow wp-block-details-is-layout-flow\" style=\"border-radius:16px;padding-top:18px;padding-right:22px;padding-bottom:18px;padding-left:22px\"><summary>\u00bfC\u00f3mo funciona la comisi\u00f3n?<\/summary>\n<p>Se puede aplicar una comisi\u00f3n sobre las ventas realizadas a trav\u00e9s de la plataforma. Esta estructura ayuda a financiar la comercializaci\u00f3n, la visibilidad, la gesti\u00f3n y la mejora continua del sitio. <\/p>\n<\/details>\n\n\n\n<div style=\"height:14px\" aria-hidden=\"true\" class=\"wp-block-spacer\"><\/div>\n\n\n\n<details class=\"wp-block-details has-contrast-color has-base-background-color has-text-color has-background is-layout-flow wp-block-details-is-layout-flow\" style=\"border-radius:16px;padding-top:18px;padding-right:22px;padding-bottom:18px;padding-left:22px\"><summary>\u00bfPor qu\u00e9 se justifica una comisi\u00f3n?<\/summary>\n<p>Porque un marketplace exige estructura, gesti\u00f3n, desarrollo t\u00e9cnico y trabajo continuo para atraer y convertir a los compradores.<\/p>\n<\/details>\n\n\n\n<div style=\"height:14px\" aria-hidden=\"true\" class=\"wp-block-spacer\"><\/div>\n\n\n\n<details class=\"wp-block-details has-contrast-color has-base-background-color has-text-color has-background is-layout-flow wp-block-details-is-layout-flow\" style=\"border-radius:16px;padding-top:18px;padding-right:22px;padding-bottom:18px;padding-left:22px\"><summary>\u00bfPuede Saveurs du Pays ayudar a aumentar mis ventas?<\/summary>\n<p>S\u00ed, la plataforma puede convertirse en un canal de venta complementario y una fuente de visibilidad adicional para una clientela ya interesada en los productos locales.<\/p>\n<\/details>\n\n\n\n<div style=\"height:14px\" aria-hidden=\"true\" class=\"wp-block-spacer\"><\/div>\n\n\n\n<details class=\"wp-block-details has-contrast-color has-base-background-color has-text-color has-background is-layout-flow wp-block-details-is-layout-flow\" style=\"border-radius:16px;padding-top:18px;padding-right:22px;padding-bottom:18px;padding-left:22px\"><summary>\u00bfSe destacar\u00e1n mis productos individualmente?<\/summary>\n<p>S\u00ed, cada producto puede beneficiarse de una ficha dedicada con im\u00e1genes, informaci\u00f3n y presentaci\u00f3n adaptada en un contexto de marketplace.<\/p>\n<\/details>\n\n\n\n<div style=\"height:14px\" aria-hidden=\"true\" class=\"wp-block-spacer\"><\/div>\n\n\n\n<details class=\"wp-block-details has-contrast-color has-base-background-color has-text-color has-background is-layout-flow wp-block-details-is-layout-flow\" style=\"border-radius:16px;padding-top:18px;padding-right:22px;padding-bottom:18px;padding-left:22px\"><summary>\u00bfPor qu\u00e9 unirse a la plataforma ahora?<\/summary>\n<p>Porque integrar un proyecto en sus inicios puede ofrecer un mejor posicionamiento, una visibilidad estrat\u00e9gica m\u00e1s fuerte y una presencia duradera en el ecosistema de la plataforma.<\/p>\n<\/details>\n<\/div>\n\n<div class=\"wp-block-group alignfull has-base-2-background-color has-background is-layout-constrained wp-container-core-group-is-layout-b2e3a3e2 wp-block-group-is-layout-constrained\" style=\"padding-top:90px;padding-right:20px;padding-bottom:100px;padding-left:20px\">\n<div class=\"wp-block-group has-base-background-color has-background is-layout-constrained wp-container-core-group-is-layout-8bb3c60d wp-block-group-is-layout-constrained\" style=\"border-radius:28px;padding-top:42px;padding-right:34px;padding-bottom:42px;padding-left:34px\">\n<p class=\"has-text-align-center has-contrast-color has-text-color\" style=\"font-size:13px;font-style:normal;font-weight:600;letter-spacing:1.2px;text-transform:uppercase\">Pase a la acci\u00f3n<\/p>\n\n\n\n<h2 class=\"wp-block-heading has-text-align-center\" style=\"font-size:40px;line-height:1.15\">\u00bfListo para presentar sus productos en Saveurs du Pays?<\/h2>\n\n\n\n<p class=\"has-text-align-center\" style=\"font-size:18px;line-height:1.8\">Env\u00ede su empresa y descubra c\u00f3mo unirse a un marketplace local dise\u00f1ado para fomentar la visibilidad, el crecimiento y la valorizaci\u00f3n de los productos de aqu\u00ed.<\/p>\n\n\n\n<div class=\"wp-block-buttons is-content-justification-center is-layout-flex wp-container-core-buttons-is-layout-c124d1c4 wp-block-buttons-is-layout-flex\">\n<div class=\"wp-block-button\"><a class=\"wp-block-button__link has-base-color has-contrast-background-color has-text-color has-background wp-element-button\" style=\"border-radius:999px;padding-top:15px;padding-right:30px;padding-bottom:15px;padding-left:30px\">Enviar su empresa<\/a><\/div>\n\n\n\n<div class=\"wp-block-button is-style-outline is-style-outline--2\"><a class=\"wp-block-button__link wp-element-button\" style=\"border-radius:999px;padding-top:15px;padding-right:30px;padding-bottom:15px;padding-left:30px\">Contactar con nosotros<\/a><\/div>\n<\/div>\n<\/div>\n<\/div>\n","protected":false},"excerpt":{"rendered":"<p>Mercado local \u2022 productores \u2022 artesanos \u2022 productos locales Vender en Saveurs du Pays \u00danase a un escaparate local dise\u00f1ado para destacar las empresas de aqu\u00ed. Presente sus productos en un entorno m\u00e1s s\u00f3lido, m\u00e1s cre\u00edble y mejor posicionado para atraer a una clientela que busca lo local. Visibilidad aumentada Efecto marketplace Crecimiento local Un [&hellip;]<\/p>\n","protected":false},"author":1,"featured_media":0,"parent":0,"menu_order":0,"comment_status":"closed","ping_status":"closed","template":"","meta":{"_uag_custom_page_level_css":"","wprm-recipe-roundup-name":"","wprm-recipe-roundup-description":"","site-sidebar-layout":"no-sidebar","site-content-layout":"plain-container","ast-site-content-layout":"full-width-container","site-content-style":"unboxed","site-sidebar-style":"unboxed","ast-global-header-display":"","ast-banner-title-visibility":"","ast-main-header-display":"","ast-hfb-above-header-display":"","ast-hfb-below-header-display":"","ast-hfb-mobile-header-display":"","site-post-title":"disabled","ast-breadcrumbs-content":"","ast-featured-img":"disabled","footer-sml-layout":"","ast-disable-related-posts":"","theme-transparent-header-meta":"default","adv-header-id-meta":"","stick-header-meta":"","header-above-stick-meta":"","header-main-stick-meta":"","header-below-stick-meta":"","astra-migrate-meta-layouts":"default","ast-page-background-enabled":"default","ast-page-background-meta":{"desktop":{"background-color":"","background-image":"","background-repeat":"repeat","background-position":"center center","background-size":"auto","background-attachment":"scroll","background-type":"","background-media":"","overlay-type":"","overlay-color":"","overlay-opacity":"","overlay-gradient":""},"tablet":{"background-color":"","background-image":"","background-repeat":"repeat","background-position":"center center","background-size":"auto","background-attachment":"scroll","background-type":"","background-media":"","overlay-type":"","overlay-color":"","overlay-opacity":"","overlay-gradient":""},"mobile":{"background-color":"","background-image":"","background-repeat":"repeat","background-position":"center center","background-size":"auto","background-attachment":"scroll","background-type":"","background-media":"","overlay-type":"","overlay-color":"","overlay-opacity":"","overlay-gradient":""}},"ast-content-background-meta":{"desktop":{"background-color":"var(--ast-global-color-5)","background-image":"","background-repeat":"repeat","background-position":"center center","background-size":"auto","background-attachment":"scroll","background-type":"","background-media":"","overlay-type":"","overlay-color":"","overlay-opacity":"","overlay-gradient":""},"tablet":{"background-color":"var(--ast-global-color-5)","background-image":"","background-repeat":"repeat","background-position":"center center","background-size":"auto","background-attachment":"scroll","background-type":"","background-media":"","overlay-type":"","overlay-color":"","overlay-opacity":"","overlay-gradient":""},"mobile":{"background-color":"var(--ast-global-color-5)","background-image":"","background-repeat":"repeat","background-position":"center center","background-size":"auto","background-attachment":"scroll","background-type":"","background-media":"","overlay-type":"","overlay-color":"","overlay-opacity":"","overlay-gradient":""}},"footnotes":""},"class_list":["post-5840","page","type-page","status-publish","hentry"],"uagb_featured_image_src":{"full":false,"thumbnail":false,"medium":false,"medium_large":false,"large":false,"1536x1536":false,"2048x2048":false,"wprm-metadata-1_1":false,"wprm-metadata-4_3":false,"wprm-metadata-16_9":false,"woocommerce_thumbnail":false,"woocommerce_single":false,"woocommerce_gallery_thumbnail":false,"dgwt-wcas-product-suggestion":false},"uagb_author_info":{"display_name":"Evalnor","author_link":"https:\/\/www.saveursdupays.com\/es\/author\/evalnor\/"},"uagb_comment_info":0,"uagb_excerpt":"Mercado local \u2022 productores \u2022 artesanos \u2022 productos locales Vender en Saveurs du Pays \u00danase a un escaparate local dise\u00f1ado para destacar las empresas de aqu\u00ed. Presente sus productos en un entorno m\u00e1s s\u00f3lido, m\u00e1s cre\u00edble y mejor posicionado para atraer a una clientela que busca lo local. Visibilidad aumentada Efecto marketplace Crecimiento local Un&hellip;","jetpack_sharing_enabled":true,"_links":{"self":[{"href":"https:\/\/www.saveursdupays.com\/es\/wp-json\/wp\/v2\/pages\/5840","targetHints":{"allow":["GET"]}}],"collection":[{"href":"https:\/\/www.saveursdupays.com\/es\/wp-json\/wp\/v2\/pages"}],"about":[{"href":"https:\/\/www.saveursdupays.com\/es\/wp-json\/wp\/v2\/types\/page"}],"author":[{"embeddable":true,"href":"https:\/\/www.saveursdupays.com\/es\/wp-json\/wp\/v2\/users\/1"}],"replies":[{"embeddable":true,"href":"https:\/\/www.saveursdupays.com\/es\/wp-json\/wp\/v2\/comments?post=5840"}],"version-history":[{"count":5,"href":"https:\/\/www.saveursdupays.com\/es\/wp-json\/wp\/v2\/pages\/5840\/revisions"}],"predecessor-version":[{"id":6197,"href":"https:\/\/www.saveursdupays.com\/es\/wp-json\/wp\/v2\/pages\/5840\/revisions\/6197"}],"wp:attachment":[{"href":"https:\/\/www.saveursdupays.com\/es\/wp-json\/wp\/v2\/media?parent=5840"}],"curies":[{"name":"wp","href":"https:\/\/api.w.org\/{rel}","templated":true}]}}